{"id":105499,"date":"2023-03-15T09:09:41","date_gmt":"2023-03-15T09:09:41","guid":{"rendered":"https:\/\/www.oeh.ac.at\/veranstaltung\/2-ordentliche-sitzung-der-oeh-bundesvertretung-im-wintersemester-2017\/"},"modified":"2023-07-26T18:12:27","modified_gmt":"2023-07-26T16:12:27","slug":"2-ordentliche-sitzung-der-oeh-bundesvertretung-im-wintersemester-2017","status":"publish","type":"event_listing","link":"https:\/\/www.oeh.ac.at\/en\/event\/2-ordentliche-sitzung-der-oeh-bundesvertretung-im-wintersemester-2017\/","title":{"rendered":"2nd ordinary meeting of the \u00d6H Bundesvertretung in the winter semester 2017"},"content":{"rendered":"\n<h1 class=\"wp-block-heading\">THE 2ND ORDINARY MEETING OF THE \u00d6H FEDERAL REPRESENTATION IN THE WINTER SEMESTER 2017 WILL TAKE PLACE ON DECEMBER 15, 2017 IN GRAZ.<\/h1>\n\n<p>The session is open to the public and we welcome any students who are interested in watching!<\/p>\n\n<p><strong>Location:<\/strong><br\/>Medical University of Graz &#8211; MedCampus Graz<br\/>Lecture hall MC 5<br\/>Neue Stiftingtalstra\u00dfe 6(MC1.A.), ground floor<br\/>8010 Graz<\/p>\n\n<figure class=\"wp-block-embed\"><div class=\"wp-block-embed__wrapper\">\nhttps:\/\/map.medunigraz.at\/?raum=20828\n<\/div><\/figure>\n\n<p><strong>Tentative Agenda<\/strong>:<br\/>1) Welcome, determination of the proper invitation, the presence of the members as well as the quorum.<br\/>2) Approval of the agenda<br\/>3) Approval of the minutes of 13.10.2017 and 16.11.2017.<br\/>4) Reports of the chairpersons and their deputies<br\/>5) Reports of the speakers<br\/>6) Reports of the committee chairmen<br\/>7) Decision on the General Data Protection Regulation<br\/>8) \u00a792 University Act<br\/>9) De-selection through re-election of the 1. deputy chairman. chairman<br\/>10) Dismissal and election of new speakers<br\/>11) Motions concerning the general interests of students<br\/>12) Miscellaneous<\/p>\n\n<p><strong>Livestream<\/strong><\/p>\n\n<figure class=\"wp-block-embed is-type-rich is-provider-handler-einbetten wp-block-embed-handler-einbetten wp-embed-aspect-16-9 wp-has-aspect-ratio\"><div class=\"wp-block-embed__wrapper\">\n<iframe title=\"Zweite ordentliche Sitzung der \u00d6H Bundesvertretung im Wintersemester 2017\" width=\"800\" height=\"450\" src=\"https:\/\/www.youtube.com\/embed\/fYYnEXIpNTE?feature=oembed\" frameborder=\"0\" allow=\"accelerometer; autoplay; clipboard-write; encrypted-media; gyroscope; picture-in-picture; web-share\" allowfullscreen><\/iframe>\n<\/div><\/figure>\n\n<p><strong>Links to relevant information:<\/strong><br\/>&#8211; <a href=\"https:\/\/youtu.be\/fYYnEXIpNTE\">Livestream<\/a><br\/>&#8211; <a href=\"https:\/\/www.facebook.com\/events\/203780396824792\/\">Link to FB event<\/a><br\/>&#8211; <a href=\"https:\/\/www.oeh.ac.at\/node\/229\/bundesvertretung\">Refund forms for the journey<\/a><\/p>\n\n<p><strong>Next BV meetings<\/strong><br\/>&#8211; <a href=\"https:\/\/www.oeh.ac.at\/veranstaltungen\/erste-ordentliche-sitzung-der-oeh-bundesvertretung-im-sommersemester-2018\">First ordinary meeting of the \u00d6H Bundesvertretung in the summer semester 2018<\/a><br\/>&#8211; <a href=\"https:\/\/www.oeh.ac.at\/veranstaltungen\/zweite-ordentliche-sitzung-der-oeh-bundesvertretung-im-sommersemester-2018\">Second ordinary meeting of the \u00d6H Bundesvertretung in the summer semester 2018<\/a><\/p>\n","protected":false},"featured_media":105402,"template":"","meta":[],"class_list":["post-105499","event_listing","type-event_listing","status-publish","has-post-thumbnail","hentry"],"yoast_head":"<!-- This site is optimized with the Yoast SEO plugin v25.9 - https:\/\/yoast.com\/wordpress\/plugins\/seo\/ -->\n<title>2nd ordinary meeting of the \u00d6H Bundesvertretung in the winter semester 2017 - \u00d6sterreichische Hochsch\u00fcler_innenschaft (\u00d6H)<\/title>\n<meta name=\"robots\" content=\"index, follow, max-snippet:-1, max-image-preview:large, max-video-preview:-1\" \/>\n<link rel=\"canonical\" href=\"https:\/\/www.oeh.ac.at\/en\/event\/2-ordentliche-sitzung-der-oeh-bundesvertretung-im-wintersemester-2017\/\" \/>\n<meta property=\"og:locale\" content=\"en_US\" \/>\n<meta property=\"og:type\" content=\"article\" \/>\n<meta property=\"og:title\" content=\"2nd ordinary meeting of the \u00d6H Bundesvertretung in the winter semester 2017 - \u00d6sterreichische Hochsch\u00fcler_innenschaft (\u00d6H)\" \/>\n<meta property=\"og:description\" content=\"THE 2ND ORDINARY MEETING OF THE \u00d6H FEDERAL REPRESENTATION IN THE WINTER SEMESTER 2017 WILL TAKE PLACE ON DECEMBER 15, 2017 IN GRAZ. The...\" \/>\n<meta property=\"og:url\" content=\"https:\/\/www.oeh.ac.at\/en\/event\/2-ordentliche-sitzung-der-oeh-bundesvertretung-im-wintersemester-2017\/\" \/>\n<meta property=\"og:site_name\" content=\"\u00d6sterreichische Hochsch\u00fcler_innenschaft (\u00d6H)\" \/>\n<meta property=\"article:publisher\" content=\"https:\/\/facebook.com\/bundesoeh\" \/>\n<meta property=\"article:modified_time\" content=\"2023-07-26T16:12:27+00:00\" \/>\n<meta property=\"og:image\" content=\"https:\/\/www.oeh.ac.at\/wp-content\/uploads\/2017\/11\/sitzung_alt_3-5ff.jpg\" \/>\n\t<meta property=\"og:image:width\" content=\"1260\" \/>\n\t<meta property=\"og:image:height\" content=\"1260\" \/>\n\t<meta property=\"og:image:type\" content=\"image\/jpeg\" \/>\n<script type=\"application\/ld+json\" class=\"yoast-schema-graph\">{\"@context\":\"https:\/\/schema.org\",\"@graph\":[{\"@type\":\"WebPage\",\"@id\":\"https:\/\/www.oeh.ac.at\/en\/event\/2-ordentliche-sitzung-der-oeh-bundesvertretung-im-wintersemester-2017\/\",\"url\":\"https:\/\/www.oeh.ac.at\/en\/event\/2-ordentliche-sitzung-der-oeh-bundesvertretung-im-wintersemester-2017\/\",\"name\":\"2nd ordinary meeting of the \u00d6H Bundesvertretung in the winter semester 2017 - \u00d6sterreichische Hochsch\u00fcler_innenschaft (\u00d6H)\",\"isPartOf\":{\"@id\":\"https:\/\/www.oeh.ac.at\/en\/#website\"},\"primaryImageOfPage\":{\"@id\":\"https:\/\/www.oeh.ac.at\/en\/event\/2-ordentliche-sitzung-der-oeh-bundesvertretung-im-wintersemester-2017\/#primaryimage\"},\"image\":{\"@id\":\"https:\/\/www.oeh.ac.at\/en\/event\/2-ordentliche-sitzung-der-oeh-bundesvertretung-im-wintersemester-2017\/#primaryimage\"},\"thumbnailUrl\":\"https:\/\/www.oeh.ac.at\/wp-content\/uploads\/2017\/11\/sitzung_alt_3-5ff.jpg\",\"datePublished\":\"2023-03-15T09:09:41+00:00\",\"dateModified\":\"2023-07-26T16:12:27+00:00\",\"breadcrumb\":{\"@id\":\"https:\/\/www.oeh.ac.at\/en\/event\/2-ordentliche-sitzung-der-oeh-bundesvertretung-im-wintersemester-2017\/#breadcrumb\"},\"inLanguage\":\"en-US\",\"potentialAction\":[{\"@type\":\"ReadAction\",\"target\":[\"https:\/\/www.oeh.ac.at\/en\/event\/2-ordentliche-sitzung-der-oeh-bundesvertretung-im-wintersemester-2017\/\"]}]},{\"@type\":\"ImageObject\",\"inLanguage\":\"en-US\",\"@id\":\"https:\/\/www.oeh.ac.at\/en\/event\/2-ordentliche-sitzung-der-oeh-bundesvertretung-im-wintersemester-2017\/#primaryimage\",\"url\":\"https:\/\/www.oeh.ac.at\/wp-content\/uploads\/2017\/11\/sitzung_alt_3-5ff.jpg\",\"contentUrl\":\"https:\/\/www.oeh.ac.at\/wp-content\/uploads\/2017\/11\/sitzung_alt_3-5ff.jpg\",\"width\":1260,\"height\":1260},{\"@type\":\"BreadcrumbList\",\"@id\":\"https:\/\/www.oeh.ac.at\/en\/event\/2-ordentliche-sitzung-der-oeh-bundesvertretung-im-wintersemester-2017\/#breadcrumb\",\"itemListElement\":[{\"@type\":\"ListItem\",\"position\":1,\"name\":\"Startseite\",\"item\":\"https:\/\/www.oeh.ac.at\/en\/\"},{\"@type\":\"ListItem\",\"position\":2,\"name\":\"2nd ordinary meeting of the \u00d6H Bundesvertretung in the winter semester 2017\"}]},{\"@type\":\"WebSite\",\"@id\":\"https:\/\/www.oeh.ac.at\/en\/#website\",\"url\":\"https:\/\/www.oeh.ac.at\/en\/\",\"name\":\"\u00d6sterreichische Hochsch\u00fcler_innenschaft\",\"description\":\"\",\"publisher\":{\"@id\":\"https:\/\/www.oeh.ac.at\/en\/#organization\"},\"alternateName\":\"\u00d6H\",\"potentialAction\":[{\"@type\":\"SearchAction\",\"target\":{\"@type\":\"EntryPoint\",\"urlTemplate\":\"https:\/\/www.oeh.ac.at\/en\/?s={search_term_string}\"},\"query-input\":{\"@type\":\"PropertyValueSpecification\",\"valueRequired\":true,\"valueName\":\"search_term_string\"}}],\"inLanguage\":\"en-US\"},{\"@type\":\"Organization\",\"@id\":\"https:\/\/www.oeh.ac.at\/en\/#organization\",\"name\":\"\u00d6sterreichische Hochsch\u00fcler_innenschaft\",\"alternateName\":\"\u00d6H\",\"url\":\"https:\/\/www.oeh.ac.at\/en\/\",\"logo\":{\"@type\":\"ImageObject\",\"inLanguage\":\"en-US\",\"@id\":\"https:\/\/www.oeh.ac.at\/en\/#\/schema\/logo\/image\/\",\"url\":\"https:\/\/www.oeh.ac.at\/wp-content\/uploads\/2023\/03\/OeH_Logo_white_RGB.png\",\"contentUrl\":\"https:\/\/www.oeh.ac.at\/wp-content\/uploads\/2023\/03\/OeH_Logo_white_RGB.png\",\"width\":1600,\"height\":1330,\"caption\":\"\u00d6sterreichische Hochsch\u00fcler_innenschaft\"},\"image\":{\"@id\":\"https:\/\/www.oeh.ac.at\/en\/#\/schema\/logo\/image\/\"},\"sameAs\":[\"https:\/\/facebook.com\/bundesoeh\",\"https:\/\/instagram.com\/bundesoeh\",\"https:\/\/youtube.com\/bundesoeh\",\"https:\/\/bsky.app\/profile\/bundesoeh.bsky.social\"]}]}<\/script>\n<!-- \/ Yoast SEO plugin. -->","yoast_head_json":{"title":"2nd ordinary meeting of the \u00d6H Bundesvertretung in the winter semester 2017 - \u00d6sterreichische Hochsch\u00fcler_innenschaft (\u00d6H)","robots":{"index":"index","follow":"follow","max-snippet":"max-snippet:-1","max-image-preview":"max-image-preview:large","max-video-preview":"max-video-preview:-1"},"canonical":"https:\/\/www.oeh.ac.at\/en\/event\/2-ordentliche-sitzung-der-oeh-bundesvertretung-im-wintersemester-2017\/","og_locale":"en_US","og_type":"article","og_title":"2nd ordinary meeting of the \u00d6H Bundesvertretung in the winter semester 2017 - \u00d6sterreichische Hochsch\u00fcler_innenschaft (\u00d6H)","og_description":"THE 2ND ORDINARY MEETING OF THE \u00d6H FEDERAL REPRESENTATION IN THE WINTER SEMESTER 2017 WILL TAKE PLACE ON DECEMBER 15, 2017 IN GRAZ. The...","og_url":"https:\/\/www.oeh.ac.at\/en\/event\/2-ordentliche-sitzung-der-oeh-bundesvertretung-im-wintersemester-2017\/","og_site_name":"\u00d6sterreichische Hochsch\u00fcler_innenschaft (\u00d6H)","article_publisher":"https:\/\/facebook.com\/bundesoeh","article_modified_time":"2023-07-26T16:12:27+00:00","og_image":[{"width":1260,"height":1260,"url":"https:\/\/www.oeh.ac.at\/wp-content\/uploads\/2017\/11\/sitzung_alt_3-5ff.jpg","type":"image\/jpeg"}],"schema":{"@context":"https:\/\/schema.org","@graph":[{"@type":"WebPage","@id":"https:\/\/www.oeh.ac.at\/en\/event\/2-ordentliche-sitzung-der-oeh-bundesvertretung-im-wintersemester-2017\/","url":"https:\/\/www.oeh.ac.at\/en\/event\/2-ordentliche-sitzung-der-oeh-bundesvertretung-im-wintersemester-2017\/","name":"2nd ordinary meeting of the \u00d6H Bundesvertretung in the winter semester 2017 - \u00d6sterreichische Hochsch\u00fcler_innenschaft (\u00d6H)","isPartOf":{"@id":"https:\/\/www.oeh.ac.at\/en\/#website"},"primaryImageOfPage":{"@id":"https:\/\/www.oeh.ac.at\/en\/event\/2-ordentliche-sitzung-der-oeh-bundesvertretung-im-wintersemester-2017\/#primaryimage"},"image":{"@id":"https:\/\/www.oeh.ac.at\/en\/event\/2-ordentliche-sitzung-der-oeh-bundesvertretung-im-wintersemester-2017\/#primaryimage"},"thumbnailUrl":"https:\/\/www.oeh.ac.at\/wp-content\/uploads\/2017\/11\/sitzung_alt_3-5ff.jpg","datePublished":"2023-03-15T09:09:41+00:00","dateModified":"2023-07-26T16:12:27+00:00","breadcrumb":{"@id":"https:\/\/www.oeh.ac.at\/en\/event\/2-ordentliche-sitzung-der-oeh-bundesvertretung-im-wintersemester-2017\/#breadcrumb"},"inLanguage":"en-US","potentialAction":[{"@type":"ReadAction","target":["https:\/\/www.oeh.ac.at\/en\/event\/2-ordentliche-sitzung-der-oeh-bundesvertretung-im-wintersemester-2017\/"]}]},{"@type":"ImageObject","inLanguage":"en-US","@id":"https:\/\/www.oeh.ac.at\/en\/event\/2-ordentliche-sitzung-der-oeh-bundesvertretung-im-wintersemester-2017\/#primaryimage","url":"https:\/\/www.oeh.ac.at\/wp-content\/uploads\/2017\/11\/sitzung_alt_3-5ff.jpg","contentUrl":"https:\/\/www.oeh.ac.at\/wp-content\/uploads\/2017\/11\/sitzung_alt_3-5ff.jpg","width":1260,"height":1260},{"@type":"BreadcrumbList","@id":"https:\/\/www.oeh.ac.at\/en\/event\/2-ordentliche-sitzung-der-oeh-bundesvertretung-im-wintersemester-2017\/#breadcrumb","itemListElement":[{"@type":"ListItem","position":1,"name":"Startseite","item":"https:\/\/www.oeh.ac.at\/en\/"},{"@type":"ListItem","position":2,"name":"2nd ordinary meeting of the \u00d6H Bundesvertretung in the winter semester 2017"}]},{"@type":"WebSite","@id":"https:\/\/www.oeh.ac.at\/en\/#website","url":"https:\/\/www.oeh.ac.at\/en\/","name":"\u00d6sterreichische Hochsch\u00fcler_innenschaft","description":"","publisher":{"@id":"https:\/\/www.oeh.ac.at\/en\/#organization"},"alternateName":"\u00d6H","potentialAction":[{"@type":"SearchAction","target":{"@type":"EntryPoint","urlTemplate":"https:\/\/www.oeh.ac.at\/en\/?s={search_term_string}"},"query-input":{"@type":"PropertyValueSpecification","valueRequired":true,"valueName":"search_term_string"}}],"inLanguage":"en-US"},{"@type":"Organization","@id":"https:\/\/www.oeh.ac.at\/en\/#organization","name":"\u00d6sterreichische Hochsch\u00fcler_innenschaft","alternateName":"\u00d6H","url":"https:\/\/www.oeh.ac.at\/en\/","logo":{"@type":"ImageObject","inLanguage":"en-US","@id":"https:\/\/www.oeh.ac.at\/en\/#\/schema\/logo\/image\/","url":"https:\/\/www.oeh.ac.at\/wp-content\/uploads\/2023\/03\/OeH_Logo_white_RGB.png","contentUrl":"https:\/\/www.oeh.ac.at\/wp-content\/uploads\/2023\/03\/OeH_Logo_white_RGB.png","width":1600,"height":1330,"caption":"\u00d6sterreichische Hochsch\u00fcler_innenschaft"},"image":{"@id":"https:\/\/www.oeh.ac.at\/en\/#\/schema\/logo\/image\/"},"sameAs":["https:\/\/facebook.com\/bundesoeh","https:\/\/instagram.com\/bundesoeh","https:\/\/youtube.com\/bundesoeh","https:\/\/bsky.app\/profile\/bundesoeh.bsky.social"]}]}},"_links":{"self":[{"href":"https:\/\/www.oeh.ac.at\/en\/wp-json\/wp\/v2\/event_listing\/105499","targetHints":{"allow":["GET"]}}],"collection":[{"href":"https:\/\/www.oeh.ac.at\/en\/wp-json\/wp\/v2\/event_listing"}],"about":[{"href":"https:\/\/www.oeh.ac.at\/en\/wp-json\/wp\/v2\/types\/event_listing"}],"version-history":[{"count":0,"href":"https:\/\/www.oeh.ac.at\/en\/wp-json\/wp\/v2\/event_listing\/105499\/revisions"}],"wp:featuredmedia":[{"embeddable":true,"href":"https:\/\/www.oeh.ac.at\/en\/wp-json\/wp\/v2\/media\/105402"}],"wp:attachment":[{"href":"https:\/\/www.oeh.ac.at\/en\/wp-json\/wp\/v2\/media?parent=105499"}],"curies":[{"name":"wp","href":"https:\/\/api.w.org\/{rel}","templated":true}]}}