{"id":96794,"date":"2023-03-17T09:37:55","date_gmt":"2023-03-17T07:37:55","guid":{"rendered":"https:\/\/www.oeh.ac.at\/bv-sitzungen\/chair-report-2023-03-17\/"},"modified":"2023-06-13T17:12:34","modified_gmt":"2023-06-13T17:12:34","slug":"chair-report-2023-03-17","status":"publish","type":"bv-sitzungen","link":"https:\/\/www.oeh.ac.at\/en\/bv-meetings\/chair-report-2023-03-17\/","title":{"rendered":"Chair report 2023-03-17"},"content":{"rendered":"\t\t<div data-elementor-type=\"wp-post\" data-elementor-id=\"96794\" class=\"elementor elementor-96794\" data-elementor-post-type=\"bv-sitzungen\">\n\t\t\t\t<div class=\"elementor-element elementor-element-f344182 e-flex e-con-boxed e-con e-parent\" data-id=\"f344182\" data-element_type=\"container\">\n\t\t\t\t\t<div class=\"e-con-inner\">\n\t\t\t\t<div class=\"elementor-element elementor-element-73f2138 elementor-widget elementor-widget-text-editor\" data-id=\"73f2138\" data-element_type=\"widget\" data-widget_type=\"text-editor.default\">\n\t\t\t\t<div class=\"elementor-widget-container\">\n\t\t\t\t\t\t\t\t\t<h5>REPORT OF THE CHAIRMANSHIP TEAM FOR THE 1ST ORDINARY MEETING OF THE \u00d6H<br \/>FEDERAL REPRESENTATION IN THE SUMMER SEMESTER 2023 ON 17.03.2023<br \/>\u00d6H CHOICE PREPARATIONS<\/h5>\n<p>The \u00d6H election has kept the chair team very busy since the last BV meeting. The<br \/>Tender for the media agency was repeated and with good cooperation with the<br \/>list spokespersons. Together with them, the decision was made in January to work with Fuchsfabrik. The cooperation has been very successful so far.<br \/>productive. The additional offer to the creative work, which Fuchsfabrik has sent initiativly, was<br \/>also adopted. Meanwhile, there is a hashtag and a slogan for the \u00d6H election.<br \/>Goodies will be ordered for the election, some of which will also be available to university representatives for the<br \/>are available. These could place their order within a time limit, the goodies were<br \/>appointed after the expiry of this period.<\/p>\n<p>The chair team has used all meetings with stakeholders since the beginning of the year to draw attention to the \u00d6H<br \/>The aim is to raise awareness of the election and to get stakeholders on board for mobilization.<br \/>Particularly noteworthy dates in this regard are the higher education conference on 07.12.2022, the talks<br \/>with the BMBWF on 07. and 21.02., the uniko annual reception on 17.01., the Ball of Sciences<br \/>on 28.01., the discussion with the members of the National Council Taschner and Marchetti (\u00d6VP) on<br \/>Feb. 13, the UniNEtZ Council meeting on Feb. 16, and the appointment with the Student Ombudsman&#8217;s Office.<br \/>on 22.02. The other dates in the coming weeks will also be used in particular for this purpose.<br \/>used. In this context, the German Rectors&#8217; Conference on March 16 is particularly important. important, since the \u00d6H is the<br \/>university sectors directly for their assistance with concrete ideas and, as a follow-up to this<br \/>will also contact the universities directly once again.<\/p>\n<p>At the suggestion of some university representatives, the \u00d6H Newsletter in March will deal only with the<br \/>\u00d6H election and focus on the candidacy for the \u00d6H election, because many of the candidates are<br \/>especially smaller AGMs worry that not enough people are running for office at them.<br \/>The \u00d6H is in intensive exchange with Studo and ACSL, in order to extend the reach of these partners for<br \/>to use the mobilization for the \u00d6H election 2023.<br \/>In addition, other coffee stands have taken place: on 14.12. at the PH Vienna, on12.01. to<br \/>of the University of Leoben, on 18.01. at the University of Vienna, on 25.01. at the FH Campus Vienna<br \/>and on 09 March at the University of Salzburg, where again many students are reached<br \/>could.<br \/>The list spokespersons are involved in the general planning of the election, there are<br \/>At least monthly updates and the ability to provide feedback.<\/p>\n<h5>EWAS<\/h5>\n<p>Work on the electronic election administration system is progressing rapidly. On 15.12.2022<br \/>the election commission of the Austrian National Union of Students decided to<br \/>next election with the eWAS of Brainformance IT-Services GmbH. In the same course<br \/>the resolution was passed on the commissioning of VENDO Druck + Kommunikation GmbH<br \/>with the implementation of the postal vote. As a consequence, Bundesrechenzentrum GmbH was instructed to stop work on the project &#8220;Offer number 202200756-62251109 BMBWF &#8211; EWAS for the<br \/>\u00d6H Federal Representative Elections 2023&#8243;. In addition, the election commission of the<br \/>Austrian National Union of Students the Federal Minister for Education, Science and Research.<br \/>Research asked to adopt the regulation on the development and operation of an electronic<br \/>Election administration system for the student body elections by the<br \/>Bundesrechenzentrum GmbH BGBl. II No. 91\/2015 to be repealed. The system was adapted at an early stage to all<br \/>(Sub)election commissions sent out so that they can still make comments and<br \/>can make suggestions for improvement. From the week of 13.03. the system is intensively used by<br \/>The election commission chairmen and their deputies were tested so that they could still have a<br \/>can bring in final feedback. The (deputy) members of the Supervisory Board have declared their willingness to do so.<br \/>Chairmen of the election commissions of the University of Vienna, the University of Klagenfurt and the<br \/>Sub-selection committee at the Jam Music Lab. Attempts are being made to add one more (sub) to this team.<br \/>Expand election commission at a technical college. On 01.03.2023 started the penetration<br \/>Tests. By the time of this report, these had not revealed any serious deficiencies that would require a<br \/>would require immediate intervention. The delay of the start of the penetration test<br \/>is due to the fact that the accreditation of the URLs by the EGIZ (E-Government Innovation Center)<br \/>lasted longer than planned. The accreditations were already applied for in January, the release<br \/>took place only on 13.02.2023 (for wahlportal.oeh.ac.at) or on 20.02.2023 (for<br \/>ewas.oeh.ac.at). The trainings for the (sub)election commissions at the educational institutions.<br \/>were organized this time by the \u00d6sterreichische Hochsch\u00fcler_innenschaft. The first<br \/>Training courses have already been held. The feedback was positive throughout,<br \/>especially with regard to the technical application, was increasingly asked for assistance.<br \/>requested.<\/p>\n<p>The Austrian National Union of Students will develop a guide for this purpose, which will be<br \/>Screenshots the handling of the eWAS explained as simply as possible. Also planned are<br \/>Video tutorials, the completion of these will take some time.<\/p>\n<p>The following dates were\/are offered:<br \/>&#8211; 28.02.2023 Vienna University of Education Vienna<br \/>&#8211; 06.\/07.03.2023 Linz University Linz<br \/>&#8211; 07.03.2023 Online Zoom<br \/>&#8211; 09.\/10.03.2023 Graz FH Joanneum<br \/>&#8211; 14.03.2023 Online Zoom<br \/>&#8211; 15\/16.03.2023 Hall in Tirol UMIT Tirol<\/p>\n<p>The legal input is provided by representatives of the Federal Ministry of Education, Science and Culture.<br \/>Research and the Federal Ministry of the Interior, the introduction to the application of the<br \/>electronic election administration system will be provided by a representative of Brainformance IT-Services<br \/>GmbH (Philipp Wildprad).<\/p>\n<h5>TAXATION<\/h5>\n<p>Inflation continues to be an issue that puts a lot of strain on students and therefore the \u00d6H<br \/>employed. The chair team supports the Social Department in its work to help students to<br \/>help In addition, the appointments with stakeholders are used to draw attention to the situation of<br \/>Students to point out and demand support. This was the case, for example, with the conversation<br \/>with State Secretary Florian Tusky on 12.12., in the appointment with NrAbg. Taschner and Marchetti, the<br \/>appointments with the BMBWF and the uniko annual reception.<\/p>\n<p>In December the big \u00d6H student conference took place, where there were impulse lectures,<br \/>workshops for students and a large panel discussion at the end. The conference<br \/>has caused a lot of planning effort, which, however, was compensated by a very versatile and interesting<br \/>program has paid off.<br \/>At the ACSL Gameday on Dec. 17. \u00d6H social services were presented in order to attract more students.<br \/>to make them aware of this and to support them as best as possible during the inflation.<br \/>On 24.01. There was a media campaign to draw attention to the situation of students from third countries.<br \/>to draw attention to inflation in general and with particular emphasis.<\/p>\n<h5>INTERNATIONAL WORK AND SOLIDARITY<\/h5>\n<p>&#8211; Ahmed Samir<br \/>Unfortunately, the situation of CEU student Ahemd Samir Santawy remains unchanged: he holds<br \/>is still in Egypt and cannot leave the country due to the Informal Travel Ban<br \/>On 07.12.2022, the \u00d6H and the Rector of CEU sent a letter to the Egyptian Human Rights<br \/>Council, to which, however, no response has been received to date. The Austrian<br \/>Ministry of Foreign Affairs is in contact with Ahmed and his lawyers, but also has<br \/>communicates that it cannot change the current situation. Currently there are considerations the<br \/>campaign &#8220;Free Ahmed&#8221; via the rectorates to revive, the \u00d6H is for this with the<br \/>Students who started the campaign in contact.<br \/>&#8211; Iran<br \/>Under pressure from the \u00d6H, tuition fees for Iranian students in the summer semester 2023<br \/>suspended at public universities. The \u00d6H supports the FHK (Conference of Universities of Applied Sciences) in<br \/>of their request to also receive support from the ministry to reduce tuition fees<br \/>to be able to expose.<br \/>\u00d6H has also called for Iranian students to be informed not only about the suspension of<br \/>tuition, but also by creating scholarships,<br \/>residence regulations are facilitated and the flight to Austria as well as the<br \/>study here is made as easy as possible. In order to make these demands known and to<br \/>To demonstrate the \u00d6H&#8217;s solidarity with the revolutionary movement in Iran, the chairmanship team has decided on<br \/>spoke at several events on the subject, for example on 07.12. and on 19.12., further<br \/>Events are being planned. On 05.12. there was another event of the \u00d6H on the topic, at which<br \/>which a film will be shown followed by a panel discussion with experts<br \/>was.<br \/>&#8211; Earthquake<br \/>After the devastating earthquake in Turkey, Syria and Kurdish areas, the \u00d6H has made use of<br \/>and press release communicated their solidarity with the affected people and<br \/>Demands made. These were introduced in discussions with the BMBWF, this shows up<br \/>but has so far been entirely uncooperative.<br \/>We have contact with the Austrian-Turkish Student Association (AT\u00d6D) and the association<br \/>of Kurdish Students in Austria (YXK) in order to give them the support of the \u00d6H<br \/>to offer. A conversation with YXK took place on 27.02, the conversation with AT\u00d6D on<br \/>10.03.2023.<br \/>In order to help the affected students, the existing offers of the \u00d6H have been increasingly<br \/>The \u00d6H Helpline is a service offered by the \u00d6H and is available in Turkish and Arabic.<\/p>\n<p>The \u00d6H has also on 24.02., 01.03. and 03.03. psychotherapy<br \/>Group appointments offered in Turkish, Arabic and Kurdish.<br \/>&#8211; Students at Risk<br \/>A concept for a Students at Risk program in Austria was developed. For this there was a<br \/>Appointment with section head Mag. Weitgruber from the BMBWF and the OeAD on 23.01. The concept<br \/>was provided with information from the existing Students at Risk programs in Europe.<br \/>and can be found here:<br \/><a href=\"https:\/\/drive.google.com\/drive\/folders\/1tZ61ArMwY68xW05VOOvM23xPQhfQGHJc?usp=sharing\" target=\"_blank\" rel=\"noopener\">https:\/\/drive.google.com\/drive\/folders\/1tZ61ArMwY68xW05VOOvM23xPQhfQGHJc?usp=sharing<\/a><\/p>\n<p>At the German Rectors&#8217; Conference on March 16. the concept is presented to the university sectors<br \/>and discussed with them. In a preliminary discussion, the Greens&#8217; willingness to implement was signaled.<br \/>Concept development, meeting with SC Weitgruber, OeAD etc.<br \/>&#8211; ESU<br \/>The next BM will be held in the first week of May in Tbilisi, Georgia.<br \/>The \u00d6H is otherwise as always well connected within the ESU, especially through calls with the<br \/>TOPICS network, which was launched on 06.12., 19.01., 01.02. and 23.02. have taken place.<\/p>\n<h5>CLIMATE AND SUSTAINABILITY<\/h5>\n<p>The cooperation with UniNeTZ has been very productive so far, besides its own focus on<br \/>especially the networking with students in the UniNeTZ and the development of common<br \/>Projects with them. On 16.02. there has been an online meeting for this purpose, these are now to be monthly<br \/>take place. Planned projects include an exchange for topics for final theses and a focus<br \/>on sustainability in quality assurance. The \u00d6H has, also on 16.02., at the UniNeTZ.<br \/>Council meeting attended. In addition, the UniNeTZ structures will also be used to<br \/>to point out other concerns of the \u00d6H and especially the \u00d6H election.<br \/>The \u00d6H has the worldwide climate strike on 03.03. personnel and financial support, in addition<br \/>mobilized and was on site himself. Keya Baier has prepared a speech that will<br \/>was presented on site by the Department for environment and climate policy due to illness.<br \/>Apart from that, the chair team is involved in the projects and applications on climate and<br \/>sustainability issues and supports the Climate and Environmental Policy Unit in the following areas<br \/>the implementation of these.<\/p>\n<h5>ANTIFASCISM<\/h5>\n<p>The \u00d6H Bundesvertretung has organized the counter-demonstration to the Akademikerball 2023 on 24.02.<br \/>supported, called for and participated in it themselves. In the run-up to this there were on 23.02. a<br \/>Content preparation event where students can learn about fraternities, the<br \/>Akademikerball, the FP\u00d6 and the connections between them. This<br \/>Event was disturbed by several people, who were excluded from the event by the \u00d6H.<br \/>had to be removed.<\/p>\n<h5>PERSONNEL<\/h5>\n<p>Here&#8217;s what&#8217;s happened with staff in recent months:<br \/>&#8211; Backfill in the secretariat:<br \/>In December, there was an advertisement for a new position in the Secretariat. There were a total of 8<br \/>Candidates. Out of the 8, 5 were invited to the interviews on 05.01.<br \/>Then on 1.02 Simon Pfeifenberger was hired in the secretariat.<br \/>&#8211; Backfill in Accounting:<br \/>Since one of the people in the accounting department will be retiring, a position has been advertised.<br \/>Very long attempts were made to find a person, but without success. That is why it was decided to<br \/>Split job into two jobs. Once a position in the accounting department for 25 hours and a<br \/>Position in wiref for 20 hours.<br \/>&#8211; Renewal of company agreement due to home office in summer<br \/>We are currently working on a passage in the company agreement where we will give employees the<br \/>Want to give the opportunity to go to the home office when it gets very hot in the office.<br \/>&#8211; AUVA<br \/>On 20.02 there was a visit from the AUVA (General Accident Insurance Institution).<\/p>\n<p>This was only<br \/>a consultative appointment. We took a look at the office premises of the employees and<br \/>looked to see if everything fits.<\/p>\n<h5>UNIVERSITY SPORTS<\/h5>\n<p>The working group set up to hold the round tables has since its<br \/>Facility hit once.<br \/>Keya Baier had a conversation with the university sports department at BMBWF about a grant fund<br \/>for USI fees on 10\/01\/2023. The department believes that, with the existing system of<br \/>USI funding through the performance agreements already pays enough money and keeps a<br \/>such fund to be impractical, unadministrative, and not financially worthwhile.<br \/>It was agreed that a further discussion would take place as soon as the results of the next<br \/>Student Social Survey are there, as these show the need for and financial burden of USI<br \/>will query courses with.<br \/>The chairmanship team was represented at the ACSL Basketball Final Four Gameday on March 11, and this<br \/>also used to conduct intensive on-site election canvassing in cooperation with ACSL. Also<br \/>otherwise the exchange with ACSL is regular and works well.<\/p>\n<h5>MEDIATION<\/h5>\n<h5>In two sessions, first the list spokespersons and then all mandataries were able to participate in the<br \/>cooperation within the \u00d6H BV. The appointments took place on 17 and 24.01.<br \/>and were led by Peter Zeitler and Gerda Ruppi-Lang. The participation rate<br \/>at the mediation meetings unfortunately left much to be desired.<br \/>Following the second mediation session, a workshop on LGBTQIA+ Awareness was held at.<br \/>Conducted by a person from the educational association Second Enlightenment.<br \/>The minutes of the mediation meetings and the workshop can be found here:<br \/><a href=\"https:\/\/drive.google.com\/drive\/folders\/1Gb3CC_8E-PFESeCWVlIbkOdDgdIUEzX5?usp=sharing\" target=\"_blank\" rel=\"noopener\">https:\/\/drive.google.com\/drive\/folders\/1Gb3CC_8E-PFESeCWVlIbkOdDgdIUEzX5?usp=sharing<\/a><\/p>\n<p>OTHER DATES<\/h5>\n<p>Meeting with BdWi and fzs regarding fall academy on 7.12., 11.01., 08.02., 20.02. and 08.03.<br \/>At these meetings, the jointly planned fall academy will be discussed. Current<br \/>The planning status is that the Regensburg youth hostel has been reserved in September 2023 and<br \/>a rough concept is currently being worked out. Keya Baier is here from the \u00d6H.<br \/>Dates regarding private universities<br \/>With the students in the senate of the Bertha von Suttner PU there were on 13.12. a short meeting with<br \/>Keya Baier to discuss current issues and learn about \u00d6H representation of PUs.<br \/>BV to exchange.<br \/>Apprenticeship contracts have deadlines on 31.01. with the New Design University and the<br \/>Webster University, on Feb. 13. with the Bertha von Suttner PU, and on Feb. 24. with the PU lock<br \/>Seeburg took place, which Keya Baier and the clerk from the Department of Education Policy<br \/>have taken over.<br \/>\u00d6H Winter Party on 13.12.<br \/>Together with all the volunteers, the end of 2022 was celebrated, looking back at<br \/>on the past year and provided input on content. The entire chairmanship team was there.<br \/>Jour Fixe with the UWK Rectorate on 14.12.<br \/>At this meeting, Keya Baier and the rectorate of the University of Continuing Education Krems discussed the<br \/>current issues of the students discussed on site.<br \/>\u00d6H Presentation BRG Bad Ischl on 16.12.<br \/>At the invitation of the BRG Bad Ischl a presentation of the \u00d6H, its structure and tasks, took place before<br \/>of a school class takes place. A special focus was on the offers for high school graduates.<br \/>Keya Baier made this appointment with an advisor from the Department for Student and<br \/>Maturant_innenberatung taken over.<br \/>Workshop at the \u00d6H Seminar on 16.12.<br \/>The chairmanship team has jointly held a workshop at the \u00d6H seminar on the structure and tasks of the \u00d6H.<br \/>taken over. The two other dates for this topic were moderated by Boryana Badinska. At<br \/>In the run-up to the seminar, the chairmanship team assisted the Education Policy Unit in organizing the seminar.<br \/>supported.<br \/>QS Pool Training from 13.01. until 15.01.<br \/>The chair team has assisted the Education Policy Unit in organizing the QS Pool training.<br \/>supported, Keya Baier and Boryana Badinska also participated themselves.<\/p>\n<p>Inauguration of BP Van der Bellen on 26.01.<br \/>The entire presidency team was present at the inauguration of the Federal President Van der Bellen.<br \/>invited and participated.<br \/>Make a mark now &#8211; Holocaust commemoration on 27.01.<br \/>The entire chairmanship team was together with the list spokespersons of the BV at Heldenplatz in<br \/>Vienna at the commemoration of the initiative &#8220;Jetzt Zeichen setzen&#8221;.<\/p>\n\t\t\t\t\t\t\t\t<\/div>\n\t\t\t\t<\/div>\n\t\t\t\t\t<\/div>\n\t\t\t\t<\/div>\n\t\t<div class=\"elementor-element elementor-element-66300d3 e-flex e-con-boxed e-con e-parent\" data-id=\"66300d3\" data-element_type=\"container\">\n\t\t\t\t\t<div class=\"e-con-inner\">\n\t\t\t\t<div class=\"elementor-element elementor-element-3bd9805 elementor-align-center elementor-widget__width-inherit elementor-widget-mobile__width-inherit elementor-widget elementor-widget-button\" data-id=\"3bd9805\" data-element_type=\"widget\" data-widget_type=\"button.default\">\n\t\t\t\t<div class=\"elementor-widget-container\">\n\t\t\t\t\t\t\t\t\t<div class=\"elementor-button-wrapper\">\n\t\t\t\t\t<a class=\"elementor-button elementor-button-link elementor-size-xl\" href=\"https:\/\/www.oeh.ac.at\/wp-content\/uploads\/2023\/05\/vorsitzbericht.pdf\" target=\"_blank\">\n\t\t\t\t\t\t<span class=\"elementor-button-content-wrapper\">\n\t\t\t\t\t\t<span class=\"elementor-button-icon\">\n\t\t\t\t<svg aria-hidden=\"true\" class=\"e-font-icon-svg e-far-file-pdf\" viewBox=\"0 0 384 512\" xmlns=\"http:\/\/www.w3.org\/2000\/svg\"><path d=\"M369.9 97.9L286 14C277 5 264.8-.1 252.1-.1H48C21.5 0 0 21.5 0 48v416c0 26.5 21.5 48 48 48h288c26.5 0 48-21.5 48-48V131.9c0-12.7-5.1-25-14.1-34zM332.1 128H256V51.9l76.1 76.1zM48 464V48h160v104c0 13.3 10.7 24 24 24h104v288H48zm250.2-143.7c-12.2-12-47-8.7-64.4-6.5-17.2-10.5-28.7-25-36.8-46.3 3.9-16.1 10.1-40.6 5.4-56-4.2-26.2-37.8-23.6-42.6-5.9-4.4 16.1-.4 38.5 7 67.1-10 23.9-24.9 56-35.4 74.4-20 10.3-47 26.2-51 46.2-3.3 15.8 26 55.2 76.1-31.2 22.4-7.4 46.8-16.5 68.4-20.1 18.9 10.2 41 17 55.8 17 25.5 0 28-28.2 17.5-38.7zm-198.1 77.8c5.1-13.7 24.5-29.5 30.4-35-19 30.3-30.4 35.7-30.4 35zm81.6-190.6c7.4 0 6.7 32.1 1.8 40.8-4.4-13.9-4.3-40.8-1.8-40.8zm-24.4 136.6c9.7-16.9 18-37 24.7-54.7 8.3 15.1 18.9 27.2 30.1 35.5-20.8 4.3-38.9 13.1-54.8 19.2zm131.6-5s-5 6-37.3-7.8c35.1-2.6 40.9 5.4 37.3 7.8z\"><\/path><\/svg>\t\t\t<\/span>\n\t\t\t\t\t\t\t\t\t<span class=\"elementor-button-text\">DOWNLOAD<\/span>\n\t\t\t\t\t<\/span>\n\t\t\t\t\t<\/a>\n\t\t\t\t<\/div>\n\t\t\t\t\t\t\t\t<\/div>\n\t\t\t\t<\/div>\n\t\t\t\t\t<\/div>\n\t\t\t\t<\/div>\n\t\t\t\t<\/div>\n\t\t","protected":false},"excerpt":{"rendered":"<p>REPORT OF THE CHAIRMANSHIP TEAM FOR THE 1ST ORDINARY MEETING OF THE \u00d6HFEDERAL REPRESENTATION IN THE SUMMER SEMESTER 2023 ON 17.03.2023\u00d6H CHOICE PREPARATIONS The&#8230;<\/p>\n","protected":false},"author":57,"featured_media":0,"template":"","format":"standard","tags":[],"perioden":[],"art_des_berichts":[],"class_list":["post-96794","bv-sitzungen","type-bv-sitzungen","status-publish","format-standard","hentry"],"yoast_head":"<!-- This site is optimized with the Yoast SEO plugin v25.9 - https:\/\/yoast.com\/wordpress\/plugins\/seo\/ -->\n<title>Chair report 2023-03-17 - \u00d6sterreichische Hochsch\u00fcler_innenschaft (\u00d6H)<\/title>\n<meta name=\"robots\" content=\"noindex, follow\" \/>\n<meta property=\"og:locale\" content=\"en_US\" \/>\n<meta property=\"og:type\" content=\"article\" \/>\n<meta property=\"og:title\" content=\"Chair report 2023-03-17 - \u00d6sterreichische Hochsch\u00fcler_innenschaft (\u00d6H)\" \/>\n<meta property=\"og:description\" content=\"REPORT OF THE CHAIRMANSHIP TEAM FOR THE 1ST ORDINARY MEETING OF THE \u00d6HFEDERAL REPRESENTATION IN THE SUMMER SEMESTER 2023 ON 17.03.2023\u00d6H CHOICE PREPARATIONS The...\" \/>\n<meta property=\"og:url\" content=\"https:\/\/www.oeh.ac.at\/en\/bv-meetings\/chair-report-2023-03-17\/\" \/>\n<meta property=\"og:site_name\" content=\"\u00d6sterreichische Hochsch\u00fcler_innenschaft (\u00d6H)\" \/>\n<meta property=\"article:publisher\" content=\"https:\/\/facebook.com\/bundesoeh\" \/>\n<meta property=\"article:modified_time\" content=\"2023-06-13T17:12:34+00:00\" \/>\n<script type=\"application\/ld+json\" class=\"yoast-schema-graph\">{\"@context\":\"https:\/\/schema.org\",\"@graph\":[{\"@type\":\"WebPage\",\"@id\":\"https:\/\/www.oeh.ac.at\/en\/bv-meetings\/chair-report-2023-03-17\/\",\"url\":\"https:\/\/www.oeh.ac.at\/en\/bv-meetings\/chair-report-2023-03-17\/\",\"name\":\"Chair report 2023-03-17 - \u00d6sterreichische Hochsch\u00fcler_innenschaft (\u00d6H)\",\"isPartOf\":{\"@id\":\"https:\/\/www.oeh.ac.at\/en\/#website\"},\"datePublished\":\"2023-03-17T07:37:55+00:00\",\"dateModified\":\"2023-06-13T17:12:34+00:00\",\"breadcrumb\":{\"@id\":\"https:\/\/www.oeh.ac.at\/en\/bv-meetings\/chair-report-2023-03-17\/#breadcrumb\"},\"inLanguage\":\"en-US\",\"potentialAction\":[{\"@type\":\"ReadAction\",\"target\":[\"https:\/\/www.oeh.ac.at\/en\/bv-meetings\/chair-report-2023-03-17\/\"]}]},{\"@type\":\"BreadcrumbList\",\"@id\":\"https:\/\/www.oeh.ac.at\/en\/bv-meetings\/chair-report-2023-03-17\/#breadcrumb\",\"itemListElement\":[{\"@type\":\"ListItem\",\"position\":1,\"name\":\"Startseite\",\"item\":\"https:\/\/www.oeh.ac.at\/en\/\"},{\"@type\":\"ListItem\",\"position\":2,\"name\":\"Chair report 2023-03-17\"}]},{\"@type\":\"WebSite\",\"@id\":\"https:\/\/www.oeh.ac.at\/en\/#website\",\"url\":\"https:\/\/www.oeh.ac.at\/en\/\",\"name\":\"\u00d6sterreichische Hochsch\u00fcler_innenschaft\",\"description\":\"\",\"publisher\":{\"@id\":\"https:\/\/www.oeh.ac.at\/en\/#organization\"},\"alternateName\":\"\u00d6H\",\"potentialAction\":[{\"@type\":\"SearchAction\",\"target\":{\"@type\":\"EntryPoint\",\"urlTemplate\":\"https:\/\/www.oeh.ac.at\/en\/?s={search_term_string}\"},\"query-input\":{\"@type\":\"PropertyValueSpecification\",\"valueRequired\":true,\"valueName\":\"search_term_string\"}}],\"inLanguage\":\"en-US\"},{\"@type\":\"Organization\",\"@id\":\"https:\/\/www.oeh.ac.at\/en\/#organization\",\"name\":\"\u00d6sterreichische Hochsch\u00fcler_innenschaft\",\"alternateName\":\"\u00d6H\",\"url\":\"https:\/\/www.oeh.ac.at\/en\/\",\"logo\":{\"@type\":\"ImageObject\",\"inLanguage\":\"en-US\",\"@id\":\"https:\/\/www.oeh.ac.at\/en\/#\/schema\/logo\/image\/\",\"url\":\"https:\/\/www.oeh.ac.at\/wp-content\/uploads\/2023\/03\/OeH_Logo_white_RGB.png\",\"contentUrl\":\"https:\/\/www.oeh.ac.at\/wp-content\/uploads\/2023\/03\/OeH_Logo_white_RGB.png\",\"width\":1600,\"height\":1330,\"caption\":\"\u00d6sterreichische Hochsch\u00fcler_innenschaft\"},\"image\":{\"@id\":\"https:\/\/www.oeh.ac.at\/en\/#\/schema\/logo\/image\/\"},\"sameAs\":[\"https:\/\/facebook.com\/bundesoeh\",\"https:\/\/instagram.com\/bundesoeh\",\"https:\/\/youtube.com\/bundesoeh\",\"https:\/\/bsky.app\/profile\/bundesoeh.bsky.social\"]}]}<\/script>\n<!-- \/ Yoast SEO plugin. -->","yoast_head_json":{"title":"Chair report 2023-03-17 - \u00d6sterreichische Hochsch\u00fcler_innenschaft (\u00d6H)","robots":{"index":"noindex","follow":"follow"},"og_locale":"en_US","og_type":"article","og_title":"Chair report 2023-03-17 - \u00d6sterreichische Hochsch\u00fcler_innenschaft (\u00d6H)","og_description":"REPORT OF THE CHAIRMANSHIP TEAM FOR THE 1ST ORDINARY MEETING OF THE \u00d6HFEDERAL REPRESENTATION IN THE SUMMER SEMESTER 2023 ON 17.03.2023\u00d6H CHOICE PREPARATIONS The...","og_url":"https:\/\/www.oeh.ac.at\/en\/bv-meetings\/chair-report-2023-03-17\/","og_site_name":"\u00d6sterreichische Hochsch\u00fcler_innenschaft (\u00d6H)","article_publisher":"https:\/\/facebook.com\/bundesoeh","article_modified_time":"2023-06-13T17:12:34+00:00","schema":{"@context":"https:\/\/schema.org","@graph":[{"@type":"WebPage","@id":"https:\/\/www.oeh.ac.at\/en\/bv-meetings\/chair-report-2023-03-17\/","url":"https:\/\/www.oeh.ac.at\/en\/bv-meetings\/chair-report-2023-03-17\/","name":"Chair report 2023-03-17 - \u00d6sterreichische Hochsch\u00fcler_innenschaft (\u00d6H)","isPartOf":{"@id":"https:\/\/www.oeh.ac.at\/en\/#website"},"datePublished":"2023-03-17T07:37:55+00:00","dateModified":"2023-06-13T17:12:34+00:00","breadcrumb":{"@id":"https:\/\/www.oeh.ac.at\/en\/bv-meetings\/chair-report-2023-03-17\/#breadcrumb"},"inLanguage":"en-US","potentialAction":[{"@type":"ReadAction","target":["https:\/\/www.oeh.ac.at\/en\/bv-meetings\/chair-report-2023-03-17\/"]}]},{"@type":"BreadcrumbList","@id":"https:\/\/www.oeh.ac.at\/en\/bv-meetings\/chair-report-2023-03-17\/#breadcrumb","itemListElement":[{"@type":"ListItem","position":1,"name":"Startseite","item":"https:\/\/www.oeh.ac.at\/en\/"},{"@type":"ListItem","position":2,"name":"Chair report 2023-03-17"}]},{"@type":"WebSite","@id":"https:\/\/www.oeh.ac.at\/en\/#website","url":"https:\/\/www.oeh.ac.at\/en\/","name":"\u00d6sterreichische Hochsch\u00fcler_innenschaft","description":"","publisher":{"@id":"https:\/\/www.oeh.ac.at\/en\/#organization"},"alternateName":"\u00d6H","potentialAction":[{"@type":"SearchAction","target":{"@type":"EntryPoint","urlTemplate":"https:\/\/www.oeh.ac.at\/en\/?s={search_term_string}"},"query-input":{"@type":"PropertyValueSpecification","valueRequired":true,"valueName":"search_term_string"}}],"inLanguage":"en-US"},{"@type":"Organization","@id":"https:\/\/www.oeh.ac.at\/en\/#organization","name":"\u00d6sterreichische Hochsch\u00fcler_innenschaft","alternateName":"\u00d6H","url":"https:\/\/www.oeh.ac.at\/en\/","logo":{"@type":"ImageObject","inLanguage":"en-US","@id":"https:\/\/www.oeh.ac.at\/en\/#\/schema\/logo\/image\/","url":"https:\/\/www.oeh.ac.at\/wp-content\/uploads\/2023\/03\/OeH_Logo_white_RGB.png","contentUrl":"https:\/\/www.oeh.ac.at\/wp-content\/uploads\/2023\/03\/OeH_Logo_white_RGB.png","width":1600,"height":1330,"caption":"\u00d6sterreichische Hochsch\u00fcler_innenschaft"},"image":{"@id":"https:\/\/www.oeh.ac.at\/en\/#\/schema\/logo\/image\/"},"sameAs":["https:\/\/facebook.com\/bundesoeh","https:\/\/instagram.com\/bundesoeh","https:\/\/youtube.com\/bundesoeh","https:\/\/bsky.app\/profile\/bundesoeh.bsky.social"]}]}},"_links":{"self":[{"href":"https:\/\/www.oeh.ac.at\/en\/wp-json\/wp\/v2\/bv-sitzungen\/96794","targetHints":{"allow":["GET"]}}],"collection":[{"href":"https:\/\/www.oeh.ac.at\/en\/wp-json\/wp\/v2\/bv-sitzungen"}],"about":[{"href":"https:\/\/www.oeh.ac.at\/en\/wp-json\/wp\/v2\/types\/bv-sitzungen"}],"author":[{"embeddable":true,"href":"https:\/\/www.oeh.ac.at\/en\/wp-json\/wp\/v2\/users\/57"}],"version-history":[{"count":0,"href":"https:\/\/www.oeh.ac.at\/en\/wp-json\/wp\/v2\/bv-sitzungen\/96794\/revisions"}],"wp:attachment":[{"href":"https:\/\/www.oeh.ac.at\/en\/wp-json\/wp\/v2\/media?parent=96794"}],"wp:term":[{"taxonomy":"post_tag","embeddable":true,"href":"https:\/\/www.oeh.ac.at\/en\/wp-json\/wp\/v2\/tags?post=96794"},{"taxonomy":"perioden","embeddable":true,"href":"https:\/\/www.oeh.ac.at\/en\/wp-json\/wp\/v2\/perioden?post=96794"},{"taxonomy":"art_des_berichts","embeddable":true,"href":"https:\/\/www.oeh.ac.at\/en\/wp-json\/wp\/v2\/art_des_berichts?post=96794"}],"curies":[{"name":"wp","href":"https:\/\/api.w.org\/{rel}","templated":true}]}}